{"id":5918,"date":"2024-07-08T14:00:00","date_gmt":"2024-07-08T12:00:00","guid":{"rendered":"https:\/\/ch.bnd.ngo\/events\/cinema-du-desert-un-ete-magique-du-trentin-a-la-romagne\/"},"modified":"2024-07-22T16:10:34","modified_gmt":"2024-07-22T14:10:34","slug":"cinema-du-desert-un-ete-magique-du-trentin-a-la-romagne","status":"publish","type":"events","link":"https:\/\/ch.bnd.ngo\/fr\/events\/cinema-du-desert-un-ete-magique-du-trentin-a-la-romagne\/","title":{"rendered":"Cin\u00e9ma du D\u00e9sert : Un \u00e9t\u00e9 magique du Trentin \u00e0 la Romagne"},"content":{"rendered":"\n<p>L&rsquo;\u00e9t\u00e9 italien se pr\u00e9pare \u00e0 accueillir une s\u00e9rie d&rsquo;\u00e9v\u00e9nements cin\u00e9matographiques uniques en leur genre, gr\u00e2ce \u00e0 l&rsquo;infatigable \u00e9quipe du Cin\u00e9ma du D\u00e9sert. Ce projet innovant, connu pour amener le cin\u00e9ma solaire dans les zones les plus recul\u00e9es de la plan\u00e8te, s&rsquo;appr\u00eate \u00e0 enchanter le public italien avec 19 \u00e9v\u00e9nements incontournables. D&rsquo;ici fin juillet, le Cin\u00e9ma du D\u00e9sert s&rsquo;engage dans une tourn\u00e9e intense et passionnante, concentrant ses activit\u00e9s dans deux r\u00e9gions : le Trentin et l&rsquo;\u00c9milie-Romagne.<\/p>\n\n<p>Ce qui rend ces \u00e9v\u00e9nements si particuliers, c&rsquo;est la nature m\u00eame du Cin\u00e9ma du D\u00e9sert. Il ne s\u2019agit pas de simples projections en plein air, mais d\u2019une exp\u00e9rience cin\u00e9matographique compl\u00e8te et durable. Le projet, fid\u00e8le \u00e0 sa mission, utilisera son syst\u00e8me de cin\u00e9ma mobile \u00e0 \u00e9nergie solaire, apportant la magie du grand \u00e9cran dans des lieux uniques et \u00e9vocateurs. Le choix de concentrer les \u00e9v\u00e9nements dans le Trentin et l&rsquo;\u00c9milie-Romagne n&rsquo;est pas d\u00fb au hasard. Ces deux r\u00e9gions offrent des paysages naturels qui se pr\u00eatent parfaitement comme d\u00e9cor \u00e0 des projections sous les \u00e9toiles. Des majestueuses Dolomites du Trentin aux collines de l&rsquo;\u00c9milie-Romagne, chaque lieu promet d&rsquo;ajouter une touche de magie \u00e0 vos soir\u00e9es. Nous verrons une s\u00e9lection de documentaires \u00e9co-responsables et de dessins anim\u00e9s p\u00e9dagogiques, en ligne avec la mission du projet de sensibiliser le public aux enjeux environnementaux et sociaux.<\/p>\n\n<p>Mais les soir\u00e9es du Cin\u00e9ma du D\u00e9sert ne se limitent pas au simple visionnage de films. Pour les amateurs de cin\u00e9ma, d&rsquo;environnement et de culture en g\u00e9n\u00e9ral, cette s\u00e9rie d&rsquo;\u00e9v\u00e9nements repr\u00e9sente une opportunit\u00e9 unique. Non seulement pour profiter de projections de qualit\u00e9 dans des sc\u00e9narios tr\u00e8s particuliers, mais aussi pour entrer en contact avec un projet qui red\u00e9finit le concept de cin\u00e9ma itin\u00e9rant et durable. Avec 19 \u00e9v\u00e9nements r\u00e9partis sur un peu plus d&rsquo;un mois, l&rsquo;\u00e9quipe propose aux habitants et aux touristes de vivre une exp\u00e9rience cin\u00e9matographique unique, alliant divertissement, \u00e9ducation et sensibilisation \u00e0 l&rsquo;environnement.<\/p>\n\n<p><strong>Calendrier de juillet 2024<\/strong><br\/>10\/07 Rassegna IMPETUS, Cavedine (TN), \u00ab\u00a0Marcher sur l&rsquo;eau\u00a0\u00bb<br\/>11\/07 Visioni sull&rsquo;acqua, Rovereto (TN), \u00ab\u00a0I custodi dell&rsquo;acqua\u00a0\u00bb OSPITE il regista Giulio Squarci<br\/>14\/07 Rassegna IMPETUS, Sarche (TN), \u00ab\u00a0Verso la sorgente. La Sara, dalla foce al ghiacciaio\u00a0\u00bb OSPITI i registi<br\/>15\/07 FrazionCine, San Vito (RN), \u00ab\u00a0Yuku e il fiore dell&rsquo;Himalaya\u00a0\u00bb<br\/>16\/07 FrazionCine, Canonica (RN), \u00ab\u00a0Ernest e Celestine &#8211; l&rsquo;avventura delle 7 note\u00a0\u00bb<br\/>17\/07 FrazionCine, San Martino dei Mulini (RN), \u00ab\u00a0Prendi il volo\u00a0\u00bb<br\/>18\/07 FrazionCine, Sant&rsquo;Ermete (RN), \u00ab\u00a0Arietty\u00a0\u00bb<br\/>19\/07 Fractal, Croviana (TN), \u00ab\u00a0Il sale della terra\u00a0\u00bb<br\/>19\/07 Cinema Solare Itinerante 2024, Trabileno (TN), \u00ab\u00a0Yuku e il fiore dell&rsquo;Himalaya\u00a0\u00bb<br\/>20\/07\u00a0Cinema Solare Itinerante 2024, Trabileno (TN), \u00ab\u00a0La quercia ed i suoi abitanti\u00a0\u00bb<br\/>22\/07 Levico (TN), \u00ab\u00a0Spirit cavallo selvaggio\u00a0\u00bb<br\/>25\/07  Visioni sull&rsquo;acqua, Rovereto (TN), \u00a0\u00bb Utama &#8211; le terre dimenticate\u00a0\u00bb<br\/>27\/07 Cimone (TN), TBA<br\/>27\/07 Albiano (TN), TBA<br\/>28\/07 Albiano (TN), TBA<br\/>29\/07 Levico (TN), \u00a0\u00bb Zootropolis\u00a0\u00bb<br\/>31\/07 Rassegna IMPETUS, Terlago (TN), \u00ab\u00a0Watermark\u00a0\u00bb<\/p>\n\n<ul class=\"wp-block-list\">\n<li>FrazionCINE est un festival itin\u00e9rant n\u00e9 en 2021 comme festival de cin\u00e9ma, pour \u00e9largir l&rsquo;animation culturelle du centre aux hameaux.<\/li>\n<\/ul>\n","protected":false},"excerpt":{"rendered":"<p>D&rsquo;aujourd&rsquo;hui jusqu&rsquo;\u00e0 fin juillet, le Cin\u00e9ma du D\u00e9sert effectue une tourn\u00e9e entre le Trentin et la Romagne.<\/p>\n","protected":false},"author":3,"featured_media":5520,"comment_status":"open","ping_status":"closed","template":"","meta":{"footnotes":""},"class_list":["post-5918","events","type-events","status-publish","has-post-thumbnail","hentry"],"_links":{"self":[{"href":"https:\/\/ch.bnd.ngo\/fr\/wp-json\/wp\/v2\/events\/5918","targetHints":{"allow":["GET"]}}],"collection":[{"href":"https:\/\/ch.bnd.ngo\/fr\/wp-json\/wp\/v2\/events"}],"about":[{"href":"https:\/\/ch.bnd.ngo\/fr\/wp-json\/wp\/v2\/types\/events"}],"author":[{"embeddable":true,"href":"https:\/\/ch.bnd.ngo\/fr\/wp-json\/wp\/v2\/users\/3"}],"replies":[{"embeddable":true,"href":"https:\/\/ch.bnd.ngo\/fr\/wp-json\/wp\/v2\/comments?post=5918"}],"version-history":[{"count":0,"href":"https:\/\/ch.bnd.ngo\/fr\/wp-json\/wp\/v2\/events\/5918\/revisions"}],"wp:featuredmedia":[{"embeddable":true,"href":"https:\/\/ch.bnd.ngo\/fr\/wp-json\/"}],"wp:attachment":[{"href":"https:\/\/ch.bnd.ngo\/fr\/wp-json\/wp\/v2\/media?parent=5918"}],"curies":[{"name":"wp","href":"https:\/\/api.w.org\/{rel}","templated":true}]}}